{"id":261,"date":"2025-05-07T11:33:35","date_gmt":"2025-05-07T09:33:35","guid":{"rendered":"https:\/\/gopsss.charsznica.pl\/?page_id=261"},"modified":"2025-07-28T10:33:48","modified_gmt":"2025-07-28T08:33:48","slug":"jednorazowe-zapomoga-z-tytulu-urodzenia-dziecka","status":"publish","type":"page","link":"https:\/\/gops.charsznica.pl\/?page_id=261","title":{"rendered":"JEDNORAZOWE ZAPOMOGA Z TYTU\u0141U URODZENIA DZIECKA"},"content":{"rendered":"<p>[et_pb_section fb_built=&#8221;1&#8243; theme_builder_area=&#8221;post_content&#8221; _builder_version=&#8221;4.27.4&#8243; _module_preset=&#8221;default&#8221;][et_pb_row _builder_version=&#8221;4.27.4&#8243; _module_preset=&#8221;default&#8221; theme_builder_area=&#8221;post_content&#8221;][et_pb_column _builder_version=&#8221;4.27.4&#8243; _module_preset=&#8221;default&#8221; type=&#8221;4_4&#8243; theme_builder_area=&#8221;post_content&#8221;][et_pb_text _builder_version=&#8221;4.27.4&#8243; _module_preset=&#8221;default&#8221; theme_builder_area=&#8221;post_content&#8221; hover_enabled=&#8221;0&#8243; sticky_enabled=&#8221;0&#8243;]<\/p>\n<h3 style=\"text-align: center;\">JEDNORAZOWE ZAPOMOGA Z TYTU\u0141U URODZENIA DZIECKA<\/h3>\n<p>[\/et_pb_text][\/et_pb_column][\/et_pb_row][et_pb_row _builder_version=&#8221;4.27.4&#8243; _module_preset=&#8221;default&#8221; theme_builder_area=&#8221;post_content&#8221;][et_pb_column _builder_version=&#8221;4.27.4&#8243; _module_preset=&#8221;default&#8221; type=&#8221;4_4&#8243; theme_builder_area=&#8221;post_content&#8221;][et_pb_text _builder_version=&#8221;4.27.4&#8243; _module_preset=&#8221;default&#8221; theme_builder_area=&#8221;post_content&#8221; hover_enabled=&#8221;0&#8243; sticky_enabled=&#8221;0&#8243;]<\/p>\n<p><span style=\"font-family: Arial, sans-serif;\"><b>Jednorazowa zapomoga z tytu\u0142u urodzenia si\u0119 dziecka przys\u0142uguje:<\/b><\/span><\/p>\n<ul>\n<li>\n<p class=\"western\"><span style=\"font-family: Arial, sans-serif;\">z tytu\u0142u urodzenia si\u0119 \u017cywego dziecka;<\/span><\/p>\n<\/li>\n<li>\n<p class=\"western\"><span style=\"color: #000000;\"><span style=\"font-family: Arial, sans-serif;\"><span>jednorazowo w wysoko\u015bci 1 000 z\u0142 na jedno dziecko<\/span><\/span><\/span><span style=\"color: #000000;\"><span style=\"font-family: Arial, sans-serif;\"><span>;<\/span><\/span><\/span><\/p>\n<\/li>\n<li>\n<p class=\"western\" align=\"justify\"><span style=\"color: #000000;\"><span style=\"font-family: Arial, sans-serif;\"><span>jednorazowa zapomoga przys\u0142uguje matce lub ojcu dziecka, opiekunowi prawnemu albo opiekunowi faktycznemu dziecka je\u017celi doch\u00f3d rodziny w przeliczeniu na osob\u0119 nie przekracza kwoty<\/span><\/span><\/span><strong><span style=\"color: #000000;\"><span style=\"font-family: Arial, sans-serif;\"><span>\u00a0<\/span><\/span><\/span><\/strong><strong><span style=\"color: #000000;\"><span style=\"font-family: Arial, sans-serif;\"><span>1 922,00 z\u0142;<\/span><\/span><\/span><\/strong><\/p>\n<\/li>\n<li>\n<p class=\"western\" align=\"justify\"><span style=\"color: #000000;\"><span style=\"font-family: Arial, sans-serif;\"><span>wniosek o wyp\u0142at\u0119 jednorazowej zapomogi\u00a0<\/span><\/span><\/span><span style=\"color: #000000;\"><span style=\"font-family: Arial, sans-serif;\"><span>sk\u0142ada si\u0119 w terminie 12<\/span><\/span><\/span><span style=\"color: #000000;\"><span style=\"font-family: Arial, sans-serif;\"><span><b> miesi\u0119cy<\/b><\/span><\/span><\/span><span style=\"color: #000000;\"><span style=\"font-family: Arial, sans-serif;\"><span>\u00a0od dnia narodzin dziecka, a w przypadku gdy wniosek dotyczy dziecka obj\u0119tego opiek\u0105 prawn\u0105, opiek\u0105 faktyczn\u0105 albo dziecka przysposobionego \u2013 w terminie 12 miesi\u0119cy od dnia obj\u0119cia dziecka opiek\u0105 albo przysposobienia;<\/span><\/span><\/span><\/p>\n<\/li>\n<li>\n<p class=\"western\" align=\"justify\"><span style=\"font-family: Arial, sans-serif;\">jednorazowa zapomoga przys\u0142uguj\u0119, je\u017celi kobieta pozostawa\u0142a pod opiek\u0105 medyczn\u0105 nie p\u00f3\u017aniej ni\u017c od 10 tygodnia ci\u0105\u017cy;<\/span><\/p>\n<\/li>\n<li>\n<p class=\"western\" align=\"justify\"><span style=\"font-family: Arial, sans-serif;\">wniosek z\u0142o\u017cony po terminie organ w\u0142a\u015bciwy pozostawia bez rozpoznania.<\/span><\/p>\n<\/li>\n<\/ul>\n<p class=\"western\" align=\"justify\">\n<p align=\"justify\"><strong><span style=\"color: #000000;\"><span style=\"font-family: Arial, sans-serif;\"><span>Jednorazowa\u00a0 zapomoga <\/span><\/span><\/span><\/strong><strong><span style=\"color: #000000;\"><span style=\"font-family: Arial, sans-serif;\"><span><u>nie<\/u><\/span><\/span><\/span><\/strong><strong><span style=\"color: #000000;\"><span style=\"font-family: Arial, sans-serif;\"><span> przys\u0142uguje je\u017celi:<\/span><\/span><\/span><\/strong><\/p>\n<p align=\"justify\"><span style=\"color: #000000;\"><span>\u2013<\/span><\/span><span style=\"color: #000000;\"><span> <\/span><\/span><span style=\"color: #000000;\"><span style=\"font-family: Arial, sans-serif;\"><span>cz\u0142onkowi rodziny przys\u0142uguje za granic\u0105 z tytu\u0142u urodzenia dziecka, chyba \u017ce przepisy o koordynacji system\u00f3w zabezpieczenia spo\u0142ecznego lub dwustronne umowy o zabezpieczeniu spo\u0142ecznym stanowi\u0105 inaczej;<br \/>\u2013\u00a0osobie samotnie wychowuj\u0105cej dziecko nie zosta\u0142o ustalone na rzecz danego dziecka od jego rodzica \u015bwiadczenie alimentacyjne na podstawie tytu\u0142u wykonawczego pochodz\u0105cego lub zatwierdzonego przez s\u0105d, chyba \u017ce:<br \/>\u2013 rodzice lub jedno z rodzic\u00f3w dziecka nie \u017cyje,<br \/>\u2013\u00a0 ojciec dziecka jest nieznany,<br \/>\u2013\u00a0 pow\u00f3dztwo o ustalenie \u015bwiadczenia alimentacyjnego od drugiego z rodzic\u00f3w zosta\u0142o oddalone,<br \/>\u2013 s\u0105d zobowi\u0105za\u0142 jedno\u00a0 z rodzic\u00f3w do ponoszenia ca\u0142kowitych koszt\u00f3w utrzymania dziecka i nie zobowi\u0105za\u0142 drugiego z rodzic\u00f3w do \u015bwiadczenia alimentacyjnego na rzecz tego dziecka,<br \/>\u2013 dziecko, zgodnie z orzeczeniem \u00a0s\u0105du , jest pod opiek\u0105 naprzemienn\u0105 obojga rodzic\u00f3w sprawowan\u0105 w por\u00f3wnywalnych i powtarzaj\u0105cych si\u0119 okresach.<\/span><\/span><\/span><\/p>\n<p class=\"western\">[\/et_pb_text][\/et_pb_column][\/et_pb_row][\/et_pb_section]<\/p>\n","protected":false},"excerpt":{"rendered":"<p>JEDNORAZOWE ZAPOMOGA Z TYTU\u0141U URODZENIA DZIECKAJednorazowa zapomoga z tytu\u0142u urodzenia si\u0119 dziecka przys\u0142uguje: z tytu\u0142u urodzenia si\u0119 \u017cywego dziecka; jednorazowo w wysoko\u015bci 1 000 z\u0142 na jedno dziecko; jednorazowa zapomoga przys\u0142uguje matce lub ojcu dziecka, opiekunowi prawnemu albo opiekunowi faktycznemu dziecka je\u017celi doch\u00f3d rodziny w przeliczeniu na osob\u0119 nie przekracza kwoty\u00a01 922,00 z\u0142; wniosek o [&hellip;]<\/p>\n","protected":false},"author":1,"featured_media":0,"parent":100,"menu_order":0,"comment_status":"closed","ping_status":"closed","template":"","meta":{"_et_pb_use_builder":"on","_et_pb_old_content":"<!-- wp:divi\/placeholder \/-->","_et_gb_content_width":"","footnotes":""},"class_list":["post-261","page","type-page","status-publish","hentry"],"_links":{"self":[{"href":"https:\/\/gops.charsznica.pl\/index.php?rest_route=\/wp\/v2\/pages\/261","targetHints":{"allow":["GET"]}}],"collection":[{"href":"https:\/\/gops.charsznica.pl\/index.php?rest_route=\/wp\/v2\/pages"}],"about":[{"href":"https:\/\/gops.charsznica.pl\/index.php?rest_route=\/wp\/v2\/types\/page"}],"author":[{"embeddable":true,"href":"https:\/\/gops.charsznica.pl\/index.php?rest_route=\/wp\/v2\/users\/1"}],"replies":[{"embeddable":true,"href":"https:\/\/gops.charsznica.pl\/index.php?rest_route=%2Fwp%2Fv2%2Fcomments&post=261"}],"version-history":[{"count":3,"href":"https:\/\/gops.charsznica.pl\/index.php?rest_route=\/wp\/v2\/pages\/261\/revisions"}],"predecessor-version":[{"id":409,"href":"https:\/\/gops.charsznica.pl\/index.php?rest_route=\/wp\/v2\/pages\/261\/revisions\/409"}],"up":[{"embeddable":true,"href":"https:\/\/gops.charsznica.pl\/index.php?rest_route=\/wp\/v2\/pages\/100"}],"wp:attachment":[{"href":"https:\/\/gops.charsznica.pl\/index.php?rest_route=%2Fwp%2Fv2%2Fmedia&parent=261"}],"curies":[{"name":"wp","href":"https:\/\/api.w.org\/{rel}","templated":true}]}}